{"id":1308,"date":"2025-11-25T10:20:08","date_gmt":"2025-11-25T10:20:08","guid":{"rendered":"https:\/\/brezzadellario.com\/?page_id=1308"},"modified":"2025-12-12T09:42:23","modified_gmt":"2025-12-12T09:42:23","slug":"ihre-veranstaltung-zu-organisieren","status":"publish","type":"page","link":"https:\/\/brezzadellario.com\/de\/ihre-veranstaltung-zu-organisieren\/","title":{"rendered":"Organisieren Sie Ihre Veranstaltung"},"content":{"rendered":"<section class=\"bde-section-1308-100 bde-section\">\n              \n  \n  \n\t\n\n  <div class=\"section-background-overlay\"><\/div>\n\n\n<div class=\"section-container\"><h1 class=\"bde-heading-1308-101 bde-heading\">\nOrganisieren Sie Ihre Veranstaltung\n<\/h1><\/div>\n<\/section><section id=\"scroll\" class=\"bde-section-1308-102 bde-section\">\n  \n  \n\t\n\n\n\n<div class=\"section-container\"><div class=\"bde-columns-1308-103 bde-columns\"><div class=\"bde-column-1308-104 bde-column\">\n  \n  \n\t\n\n\n\n<div class=\"bde-text-1308-105 bde-text\">\n\n<\/div><h2 class=\"bde-heading-1308-106 bde-heading\">\nFeiern Sie Ihre besonderen Momente in Brezza del Lario<br>\n<\/h2><div class=\"bde-text-1308-107 bde-text\" data-entrance=\"fade\">\nIn den H\u00fcgeln oberhalb von Dervio gelegen, bietet Brezza del Lario einen atemberaubenden Rahmen f\u00fcr alle Arten von Veranstaltungen: Firmenfeiern, Jubil\u00e4en, Gel\u00fcbdeerneuerungen, Geburtstage, private Feiern und vieles mehr. Unsere ger\u00e4umige 100 m\u00b2 gro\u00dfe Panoramaterrasse bietet einen spektakul\u00e4ren Blick auf den Comer See und die umliegenden Berge und schafft die perfekte Atmosph\u00e4re f\u00fcr jeden Anlass, der in Erinnerung bleibt.\n<\/div><img decoding=\"async\" class=\"bde-image2-1308-108 bde-image2\" src=\"https:\/\/brezzadellario.com\/wp-content\/uploads\/2025\/11\/bilocale-34.webp\" loading=\"lazy\" srcset=\"https:\/\/brezzadellario.com\/wp-content\/uploads\/2025\/11\/bilocale-34.webp 2500w, https:\/\/brezzadellario.com\/wp-content\/uploads\/2025\/11\/bilocale-34-300x200.webp 300w, https:\/\/brezzadellario.com\/wp-content\/uploads\/2025\/11\/bilocale-34-1024x683.webp 1024w, https:\/\/brezzadellario.com\/wp-content\/uploads\/2025\/11\/bilocale-34-768x512.webp 768w, https:\/\/brezzadellario.com\/wp-content\/uploads\/2025\/11\/bilocale-34-1536x1024.webp 1536w, https:\/\/brezzadellario.com\/wp-content\/uploads\/2025\/11\/bilocale-34-2048x1366.webp 2048w, https:\/\/brezzadellario.com\/wp-content\/uploads\/2025\/11\/bilocale-34-18x12.webp 18w\" sizes=\"(max-width: 2500px) 100vw, 2500px\">\n<\/div><div class=\"bde-column-1308-109 bde-column\">\n  \n  \n\t\n\n\n\n<img decoding=\"async\" class=\"bde-image2-1308-110 bde-image2\" src=\"https:\/\/brezzadellario.com\/wp-content\/uploads\/2025\/11\/Monolocale-giardino-3.webp\" loading=\"lazy\" srcset=\"https:\/\/brezzadellario.com\/wp-content\/uploads\/2025\/11\/Monolocale-giardino-3.webp 2500w, https:\/\/brezzadellario.com\/wp-content\/uploads\/2025\/11\/Monolocale-giardino-3-300x200.webp 300w, https:\/\/brezzadellario.com\/wp-content\/uploads\/2025\/11\/Monolocale-giardino-3-1024x683.webp 1024w, https:\/\/brezzadellario.com\/wp-content\/uploads\/2025\/11\/Monolocale-giardino-3-768x512.webp 768w, https:\/\/brezzadellario.com\/wp-content\/uploads\/2025\/11\/Monolocale-giardino-3-1536x1024.webp 1536w, https:\/\/brezzadellario.com\/wp-content\/uploads\/2025\/11\/Monolocale-giardino-3-2048x1366.webp 2048w, https:\/\/brezzadellario.com\/wp-content\/uploads\/2025\/11\/Monolocale-giardino-3-18x12.webp 18w\" sizes=\"(max-width: 2500px) 100vw, 2500px\"><h3 class=\"bde-heading-1308-111 bde-heading\">\nG\u00f6nnen Sie sich eine magische Erinnerung\n<\/h3><div class=\"bde-text-1308-112 bde-text\">\nDas Hotel verf\u00fcgt \u00fcber k\u00fcrzlich renovierte Wohnungen, darunter Studios und Ein-Zimmer-Wohnungen, die gemietet werden k\u00f6nnen - eine bequeme M\u00f6glichkeit, Ihre G\u00e4ste am selben Ort unterzubringen und ein nahtloses, geselliges Erlebnis zu genie\u00dfen.\n<\/div><div class=\"bde-text-1308-113 bde-text\">\n<b>Wir bieten flexible Mietformeln<\/b>, einschlie\u00dflich der privaten Anmietung der Terrasse und des teilweisen oder vollst\u00e4ndigen Kaufs der Location, so dass Sie jedes Detail auf Ihre Bed\u00fcrfnisse abstimmen k\u00f6nnen. Ob es sich um eine exklusive Party, eine Firmenveranstaltung, eine Wochenendfeier oder einen besonderen Anlass handelt, Brezza del Lario ist der ideale Ort, um unvergessliche Erinnerungen zu schaffen.\n<\/div><div class=\"bde-div-1308-114 bde-div\">\n  \n  \n\t\n\n\n\n<div class=\"bde-div-1308-115 bde-div\">\n  \n  \n\t\n\n\n\n<h4 class=\"bde-heading-1308-116 bde-heading\">\nKontaktieren Sie uns f\u00fcr weitere Informationen\n<\/h4><div class=\"bde-text-1308-117 bde-text\">\nSchreiben Sie uns und wir finden gemeinsam die richtige L\u00f6sung f\u00fcr Ihre Veranstaltung\n<\/div>\n<\/div><div class=\"bde-button-1308-118 bde-button\">\n    \n                        \n                        \n    \n    \n    \n    \n            \n                    \n            \n            \n\n    \n    \n    \n    \n    \n    <a class=\"breakdance-link button-atom button-atom--primary bde-button__button\" href=\"https:\/\/brezzadellario.com\/de\/kontakte\/\" target=\"_self\" data-type=\"url\"  >\n\n    \n        <span class=\"button-atom__text\">KONTAKT US<\/span>\n\n        \n        \n                <\/a>\n\n    \n\n\n<\/div>\n<\/div><img decoding=\"async\" class=\"bde-image2-1308-119 bde-image2\" src=\"https:\/\/brezzadellario.com\/wp-content\/uploads\/2025\/11\/Monolocale-giardino-3.webp\" loading=\"lazy\" srcset=\"https:\/\/brezzadellario.com\/wp-content\/uploads\/2025\/11\/Monolocale-giardino-3.webp 2500w, https:\/\/brezzadellario.com\/wp-content\/uploads\/2025\/11\/Monolocale-giardino-3-300x200.webp 300w, https:\/\/brezzadellario.com\/wp-content\/uploads\/2025\/11\/Monolocale-giardino-3-1024x683.webp 1024w, https:\/\/brezzadellario.com\/wp-content\/uploads\/2025\/11\/Monolocale-giardino-3-768x512.webp 768w, https:\/\/brezzadellario.com\/wp-content\/uploads\/2025\/11\/Monolocale-giardino-3-1536x1024.webp 1536w, https:\/\/brezzadellario.com\/wp-content\/uploads\/2025\/11\/Monolocale-giardino-3-2048x1366.webp 2048w, https:\/\/brezzadellario.com\/wp-content\/uploads\/2025\/11\/Monolocale-giardino-3-18x12.webp 18w\" sizes=\"(max-width: 2500px) 100vw, 2500px\">\n<\/div><\/div><\/div>\n<\/section><section class=\"bde-section-1308-120 bde-section\">\n  \n  \n\t\n\n\n\n<div class=\"section-container\"><div class=\"bde-columns-1308-121 bde-columns\"><div class=\"bde-column-1308-122 bde-column\">\n  \n  \n\t\n\n\n\n<h1 class=\"bde-heading-1308-123 bde-heading\">\nDer Standort\n<\/h1><div class=\"bde-text-1308-124 bde-text\">\nMit Blick auf die bezaubernden Gew\u00e4sser des Comer Sees empf\u00e4ngt Sie die Residence Brezza del Lario in einer Oase der Ruhe und des Komforts. <br><br>Studio-, Ein-Zimmer- und Loft-L\u00f6sungen, die Ihnen einen intimen und funktionalen Raum bieten. Die gro\u00dfen Au\u00dfenfl\u00e4chen bieten eine perfekte Gelegenheit f\u00fcr alle Arten von Veranstaltungen: Firmenfeiern, Jubil\u00e4en, Gel\u00fcbdeerneuerungen, Geburtstage, private Feiern und mehr.\n<\/div><div class=\"bde-video-1308-125 bde-video\">\n<div class=\"ee-video-container\">\n            <video class=\"ee-video\" src=\"https:\/\/brezzadellario.com\/wp-content\/uploads\/2025\/11\/brezza-del-lario.mp4\"\n                               controls='true'                poster='https:\/\/brezzadellario.com\/wp-content\/uploads\/2025\/11\/video-poster-play.webp'                                                controlslist=\"nodownload\"                playsinline\n>\n        <\/video>\n    \n    <\/div>\n\n<\/div>\n<\/div><div class=\"bde-column-1308-126 bde-column\">\n  \n  \n\t\n\n\n\n<div class=\"bde-gallery-1308-127 bde-gallery\">\n\n\n  \n\n\n\n\n\n\n\n\n\n\n<div class=\"ee-gallery ee-gallery--default ee-gallery--grid ee-gallery--single ee-gallery--lightbox ee-gallery-- ee-gallery--caption- ee-gallery--caption-none ee-gallery--ratio\">\n                  \n      <a class=\"ee-gallery-item ee-gallery-item--image ee-gallery-item--single\" href=\"https:\/\/brezzadellario.com\/wp-content\/uploads\/2025\/11\/Monolocale-soppalco-4.webp\"  data-sub-html=\"<span><\/span>\" data-category=\"1\"                  data-lg-size=\"2500-1667\"\n\n      >\n        <figure class=\"ee-gallery-item-figure\">\n                        <img decoding=\"async\" class=\"breakdance-image-object\" src=\"https:\/\/brezzadellario.com\/wp-content\/uploads\/2025\/11\/Monolocale-soppalco-4-1024x683.webp\" width=\"1024\" height=\"683\" srcset=\"https:\/\/brezzadellario.com\/wp-content\/uploads\/2025\/11\/Monolocale-soppalco-4.webp 2500w, https:\/\/brezzadellario.com\/wp-content\/uploads\/2025\/11\/Monolocale-soppalco-4-300x200.webp 300w, https:\/\/brezzadellario.com\/wp-content\/uploads\/2025\/11\/Monolocale-soppalco-4-1024x683.webp 1024w, https:\/\/brezzadellario.com\/wp-content\/uploads\/2025\/11\/Monolocale-soppalco-4-768x512.webp 768w, https:\/\/brezzadellario.com\/wp-content\/uploads\/2025\/11\/Monolocale-soppalco-4-1536x1024.webp 1536w, https:\/\/brezzadellario.com\/wp-content\/uploads\/2025\/11\/Monolocale-soppalco-4-2048x1366.webp 2048w, https:\/\/brezzadellario.com\/wp-content\/uploads\/2025\/11\/Monolocale-soppalco-4-18x12.webp 18w\" sizes=\"auto, (max-width: 2500px) 100vw, 2500px\" loading=\"lazy\">\n          \n                  <\/figure>\n      <\/a>\n\n                \n      <a class=\"ee-gallery-item ee-gallery-item--image ee-gallery-item--single\" href=\"https:\/\/brezzadellario.com\/wp-content\/uploads\/2025\/11\/brezza-lario-home-4.webp\"  data-sub-html=\"<span><\/span>\" data-category=\"1\"                  data-lg-size=\"1520-1280\"\n\n      >\n        <figure class=\"ee-gallery-item-figure\">\n                        <img decoding=\"async\" class=\"breakdance-image-object\" src=\"https:\/\/brezzadellario.com\/wp-content\/uploads\/2025\/11\/brezza-lario-home-4-1024x862.webp\" width=\"1024\" height=\"862\" srcset=\"https:\/\/brezzadellario.com\/wp-content\/uploads\/2025\/11\/brezza-lario-home-4.webp 1520w, https:\/\/brezzadellario.com\/wp-content\/uploads\/2025\/11\/brezza-lario-home-4-300x253.webp 300w, https:\/\/brezzadellario.com\/wp-content\/uploads\/2025\/11\/brezza-lario-home-4-1024x862.webp 1024w, https:\/\/brezzadellario.com\/wp-content\/uploads\/2025\/11\/brezza-lario-home-4-768x647.webp 768w, https:\/\/brezzadellario.com\/wp-content\/uploads\/2025\/11\/brezza-lario-home-4-14x12.webp 14w\" sizes=\"auto, (max-width: 1520px) 100vw, 1520px\" loading=\"lazy\">\n          \n                  <\/figure>\n      <\/a>\n\n                \n      <a class=\"ee-gallery-item ee-gallery-item--image ee-gallery-item--single\" href=\"https:\/\/brezzadellario.com\/wp-content\/uploads\/2025\/11\/Monolocale-giardino-due-11.webp\"  data-sub-html=\"<span><\/span>\" data-category=\"1\"                  data-lg-size=\"2500-1667\"\n\n      >\n        <figure class=\"ee-gallery-item-figure\">\n                        <img decoding=\"async\" class=\"breakdance-image-object\" src=\"https:\/\/brezzadellario.com\/wp-content\/uploads\/2025\/11\/Monolocale-giardino-due-11-1024x683.webp\" width=\"1024\" height=\"683\" srcset=\"https:\/\/brezzadellario.com\/wp-content\/uploads\/2025\/11\/Monolocale-giardino-due-11.webp 2500w, https:\/\/brezzadellario.com\/wp-content\/uploads\/2025\/11\/Monolocale-giardino-due-11-300x200.webp 300w, https:\/\/brezzadellario.com\/wp-content\/uploads\/2025\/11\/Monolocale-giardino-due-11-1024x683.webp 1024w, https:\/\/brezzadellario.com\/wp-content\/uploads\/2025\/11\/Monolocale-giardino-due-11-768x512.webp 768w, https:\/\/brezzadellario.com\/wp-content\/uploads\/2025\/11\/Monolocale-giardino-due-11-1536x1024.webp 1536w, https:\/\/brezzadellario.com\/wp-content\/uploads\/2025\/11\/Monolocale-giardino-due-11-2048x1366.webp 2048w, https:\/\/brezzadellario.com\/wp-content\/uploads\/2025\/11\/Monolocale-giardino-due-11-18x12.webp 18w\" sizes=\"auto, (max-width: 2500px) 100vw, 2500px\" loading=\"lazy\">\n          \n                  <\/figure>\n      <\/a>\n\n                \n      <a class=\"ee-gallery-item ee-gallery-item--image ee-gallery-item--single\" href=\"https:\/\/brezzadellario.com\/wp-content\/uploads\/2025\/11\/Monolocale-giardino-due-10.webp\"  data-sub-html=\"<span><\/span>\" data-category=\"1\"                  data-lg-size=\"2500-1667\"\n\n      >\n        <figure class=\"ee-gallery-item-figure\">\n                        <img decoding=\"async\" class=\"breakdance-image-object\" src=\"https:\/\/brezzadellario.com\/wp-content\/uploads\/2025\/11\/Monolocale-giardino-due-10-1024x683.webp\" width=\"1024\" height=\"683\" srcset=\"https:\/\/brezzadellario.com\/wp-content\/uploads\/2025\/11\/Monolocale-giardino-due-10.webp 2500w, https:\/\/brezzadellario.com\/wp-content\/uploads\/2025\/11\/Monolocale-giardino-due-10-300x200.webp 300w, https:\/\/brezzadellario.com\/wp-content\/uploads\/2025\/11\/Monolocale-giardino-due-10-1024x683.webp 1024w, https:\/\/brezzadellario.com\/wp-content\/uploads\/2025\/11\/Monolocale-giardino-due-10-768x512.webp 768w, https:\/\/brezzadellario.com\/wp-content\/uploads\/2025\/11\/Monolocale-giardino-due-10-1536x1024.webp 1536w, https:\/\/brezzadellario.com\/wp-content\/uploads\/2025\/11\/Monolocale-giardino-due-10-2048x1366.webp 2048w, https:\/\/brezzadellario.com\/wp-content\/uploads\/2025\/11\/Monolocale-giardino-due-10-18x12.webp 18w\" sizes=\"auto, (max-width: 2500px) 100vw, 2500px\" loading=\"lazy\">\n          \n                  <\/figure>\n      <\/a>\n\n                \n      <a class=\"ee-gallery-item ee-gallery-item--image ee-gallery-item--single\" href=\"https:\/\/brezzadellario.com\/wp-content\/uploads\/2025\/11\/Monolocale-giardino-17.webp\"  data-sub-html=\"<span><\/span>\" data-category=\"1\"                  data-lg-size=\"2500-1667\"\n\n      >\n        <figure class=\"ee-gallery-item-figure\">\n                        <img decoding=\"async\" class=\"breakdance-image-object\" src=\"https:\/\/brezzadellario.com\/wp-content\/uploads\/2025\/11\/Monolocale-giardino-17-1024x683.webp\" width=\"1024\" height=\"683\" srcset=\"https:\/\/brezzadellario.com\/wp-content\/uploads\/2025\/11\/Monolocale-giardino-17.webp 2500w, https:\/\/brezzadellario.com\/wp-content\/uploads\/2025\/11\/Monolocale-giardino-17-300x200.webp 300w, https:\/\/brezzadellario.com\/wp-content\/uploads\/2025\/11\/Monolocale-giardino-17-1024x683.webp 1024w, https:\/\/brezzadellario.com\/wp-content\/uploads\/2025\/11\/Monolocale-giardino-17-768x512.webp 768w, https:\/\/brezzadellario.com\/wp-content\/uploads\/2025\/11\/Monolocale-giardino-17-1536x1024.webp 1536w, https:\/\/brezzadellario.com\/wp-content\/uploads\/2025\/11\/Monolocale-giardino-17-2048x1366.webp 2048w, https:\/\/brezzadellario.com\/wp-content\/uploads\/2025\/11\/Monolocale-giardino-17-18x12.webp 18w\" sizes=\"auto, (max-width: 2500px) 100vw, 2500px\" loading=\"lazy\">\n          \n                  <\/figure>\n      <\/a>\n\n                \n      <a class=\"ee-gallery-item ee-gallery-item--image ee-gallery-item--single\" href=\"https:\/\/brezzadellario.com\/wp-content\/uploads\/2025\/11\/Monolocale-giardino-3.webp\"  data-sub-html=\"<span><\/span>\" data-category=\"1\"                  data-lg-size=\"2500-1667\"\n\n      >\n        <figure class=\"ee-gallery-item-figure\">\n                        <img decoding=\"async\" class=\"breakdance-image-object\" src=\"https:\/\/brezzadellario.com\/wp-content\/uploads\/2025\/11\/Monolocale-giardino-3-1024x683.webp\" width=\"1024\" height=\"683\" srcset=\"https:\/\/brezzadellario.com\/wp-content\/uploads\/2025\/11\/Monolocale-giardino-3.webp 2500w, https:\/\/brezzadellario.com\/wp-content\/uploads\/2025\/11\/Monolocale-giardino-3-300x200.webp 300w, https:\/\/brezzadellario.com\/wp-content\/uploads\/2025\/11\/Monolocale-giardino-3-1024x683.webp 1024w, https:\/\/brezzadellario.com\/wp-content\/uploads\/2025\/11\/Monolocale-giardino-3-768x512.webp 768w, https:\/\/brezzadellario.com\/wp-content\/uploads\/2025\/11\/Monolocale-giardino-3-1536x1024.webp 1536w, https:\/\/brezzadellario.com\/wp-content\/uploads\/2025\/11\/Monolocale-giardino-3-2048x1366.webp 2048w, https:\/\/brezzadellario.com\/wp-content\/uploads\/2025\/11\/Monolocale-giardino-3-18x12.webp 18w\" sizes=\"auto, (max-width: 2500px) 100vw, 2500px\" loading=\"lazy\">\n          \n                  <\/figure>\n      <\/a>\n\n                \n      <a class=\"ee-gallery-item ee-gallery-item--image ee-gallery-item--single\" href=\"https:\/\/brezzadellario.com\/wp-content\/uploads\/2025\/11\/Monolocale-giardino-5.webp\"  data-sub-html=\"<span><\/span>\" data-category=\"1\"                  data-lg-size=\"2500-1667\"\n\n      >\n        <figure class=\"ee-gallery-item-figure\">\n                        <img decoding=\"async\" class=\"breakdance-image-object\" src=\"https:\/\/brezzadellario.com\/wp-content\/uploads\/2025\/11\/Monolocale-giardino-5-1024x683.webp\" width=\"1024\" height=\"683\" srcset=\"https:\/\/brezzadellario.com\/wp-content\/uploads\/2025\/11\/Monolocale-giardino-5.webp 2500w, https:\/\/brezzadellario.com\/wp-content\/uploads\/2025\/11\/Monolocale-giardino-5-300x200.webp 300w, https:\/\/brezzadellario.com\/wp-content\/uploads\/2025\/11\/Monolocale-giardino-5-1024x683.webp 1024w, https:\/\/brezzadellario.com\/wp-content\/uploads\/2025\/11\/Monolocale-giardino-5-768x512.webp 768w, https:\/\/brezzadellario.com\/wp-content\/uploads\/2025\/11\/Monolocale-giardino-5-1536x1024.webp 1536w, https:\/\/brezzadellario.com\/wp-content\/uploads\/2025\/11\/Monolocale-giardino-5-2048x1366.webp 2048w, https:\/\/brezzadellario.com\/wp-content\/uploads\/2025\/11\/Monolocale-giardino-5-18x12.webp 18w\" sizes=\"auto, (max-width: 2500px) 100vw, 2500px\" loading=\"lazy\">\n          \n                  <\/figure>\n      <\/a>\n\n                \n      <a class=\"ee-gallery-item ee-gallery-item--image ee-gallery-item--single\" href=\"https:\/\/brezzadellario.com\/wp-content\/uploads\/2025\/11\/Monolocale-giardino-2.webp\"  data-sub-html=\"<span><\/span>\" data-category=\"1\"                  data-lg-size=\"2500-1667\"\n\n      >\n        <figure class=\"ee-gallery-item-figure\">\n                        <img decoding=\"async\" class=\"breakdance-image-object\" src=\"https:\/\/brezzadellario.com\/wp-content\/uploads\/2025\/11\/Monolocale-giardino-2-1024x683.webp\" width=\"1024\" height=\"683\" srcset=\"https:\/\/brezzadellario.com\/wp-content\/uploads\/2025\/11\/Monolocale-giardino-2.webp 2500w, https:\/\/brezzadellario.com\/wp-content\/uploads\/2025\/11\/Monolocale-giardino-2-300x200.webp 300w, https:\/\/brezzadellario.com\/wp-content\/uploads\/2025\/11\/Monolocale-giardino-2-1024x683.webp 1024w, https:\/\/brezzadellario.com\/wp-content\/uploads\/2025\/11\/Monolocale-giardino-2-768x512.webp 768w, https:\/\/brezzadellario.com\/wp-content\/uploads\/2025\/11\/Monolocale-giardino-2-1536x1024.webp 1536w, https:\/\/brezzadellario.com\/wp-content\/uploads\/2025\/11\/Monolocale-giardino-2-2048x1366.webp 2048w, https:\/\/brezzadellario.com\/wp-content\/uploads\/2025\/11\/Monolocale-giardino-2-18x12.webp 18w\" sizes=\"auto, (max-width: 2500px) 100vw, 2500px\" loading=\"lazy\">\n          \n                  <\/figure>\n      <\/a>\n\n                \n      <a class=\"ee-gallery-item ee-gallery-item--image ee-gallery-item--single\" href=\"https:\/\/brezzadellario.com\/wp-content\/uploads\/2025\/11\/Monolocale-giardino-due-23.webp\"  data-sub-html=\"<span><\/span>\" data-category=\"1\"                  data-lg-size=\"2500-1667\"\n\n      >\n        <figure class=\"ee-gallery-item-figure\">\n                        <img decoding=\"async\" class=\"breakdance-image-object\" src=\"https:\/\/brezzadellario.com\/wp-content\/uploads\/2025\/11\/Monolocale-giardino-due-23-1024x683.webp\" width=\"1024\" height=\"683\" srcset=\"https:\/\/brezzadellario.com\/wp-content\/uploads\/2025\/11\/Monolocale-giardino-due-23.webp 2500w, https:\/\/brezzadellario.com\/wp-content\/uploads\/2025\/11\/Monolocale-giardino-due-23-300x200.webp 300w, https:\/\/brezzadellario.com\/wp-content\/uploads\/2025\/11\/Monolocale-giardino-due-23-1024x683.webp 1024w, https:\/\/brezzadellario.com\/wp-content\/uploads\/2025\/11\/Monolocale-giardino-due-23-768x512.webp 768w, https:\/\/brezzadellario.com\/wp-content\/uploads\/2025\/11\/Monolocale-giardino-due-23-1536x1024.webp 1536w, https:\/\/brezzadellario.com\/wp-content\/uploads\/2025\/11\/Monolocale-giardino-due-23-2048x1366.webp 2048w, https:\/\/brezzadellario.com\/wp-content\/uploads\/2025\/11\/Monolocale-giardino-due-23-18x12.webp 18w\" sizes=\"auto, (max-width: 2500px) 100vw, 2500px\" loading=\"lazy\">\n          \n                  <\/figure>\n      <\/a>\n\n      \n  <\/div>\n\n\n\n<\/div>\n<\/div><\/div><\/div>\n<\/section>","protected":false},"excerpt":{"rendered":"<p>Organizza il tuo evento Celebra i tuoi momenti speciali a Brezza del Lario Situato sulle colline sopra Dervio, Brezza del Lario offre un\u2019ambientazione mozzafiato per ogni tipo di evento: feste aziendali, anniversari, rinnovi dei voti, compleanni, celebrazioni private e molto altro. La nostra ampia terrazza panoramica di 100 m\u00b2 regala viste spettacolari sul Lago di [&hellip;]<\/p>","protected":false},"author":2,"featured_media":0,"parent":0,"menu_order":0,"comment_status":"closed","ping_status":"closed","template":"","meta":{"_breakdance_hide_in_design_set":false,"_breakdance_tags":"","footnotes":""},"class_list":["post-1308","page","type-page","status-publish","hentry"],"_links":{"self":[{"href":"https:\/\/brezzadellario.com\/de\/wp-json\/wp\/v2\/pages\/1308","targetHints":{"allow":["GET"]}}],"collection":[{"href":"https:\/\/brezzadellario.com\/de\/wp-json\/wp\/v2\/pages"}],"about":[{"href":"https:\/\/brezzadellario.com\/de\/wp-json\/wp\/v2\/types\/page"}],"author":[{"embeddable":true,"href":"https:\/\/brezzadellario.com\/de\/wp-json\/wp\/v2\/users\/2"}],"replies":[{"embeddable":true,"href":"https:\/\/brezzadellario.com\/de\/wp-json\/wp\/v2\/comments?post=1308"}],"version-history":[{"count":10,"href":"https:\/\/brezzadellario.com\/de\/wp-json\/wp\/v2\/pages\/1308\/revisions"}],"predecessor-version":[{"id":1803,"href":"https:\/\/brezzadellario.com\/de\/wp-json\/wp\/v2\/pages\/1308\/revisions\/1803"}],"wp:attachment":[{"href":"https:\/\/brezzadellario.com\/de\/wp-json\/wp\/v2\/media?parent=1308"}],"curies":[{"name":"wp","href":"https:\/\/api.w.org\/{rel}","templated":true}]}}